{"id":3106,"date":"2021-01-09T07:26:59","date_gmt":"2021-01-09T06:26:59","guid":{"rendered":"https:\/\/edelweissyogachalet.com\/?page_id=3106"},"modified":"2023-07-21T08:47:10","modified_gmt":"2023-07-21T07:47:10","slug":"community","status":"publish","type":"page","link":"https:\/\/edelweissyogachalet.com\/fr\/community\/","title":{"rendered":"La Communaut\u00e9"},"content":{"rendered":"<div class=\"wpb-content-wrapper\"><div class=\"ys-section vc_row wpb_row vc_row-fluid\"><div class=\"wpb_column vc_column_container vc_col-sm-12\"><div class=\"vc_column-inner\"><div class=\"wpb_wrapper\"><div class='wpb_content_element custom-title  with_title' ><div class=\"section-pre-title\">2023<\/div><div class=\"custom-title-inner align-center\" ><h2  class=\"section-title\" >Le Virus 'Amour'<\/h2><div class=\"icon-divider align-center\" ><i  class=\"svg divider1\"><\/i><\/div><\/div><div class=\"content_inner text-size-medium\"  ><\/div><\/div><div class=\"vc_empty_space\"   style=\"height: 32px\"><span class=\"vc_empty_space_inner\"><\/span><\/div><div class=\"wpb_text_column wpb_content_element\">\r\n\t\t<div class=\"wpb_wrapper\">\r\n\t\t\t<p>Croissance, expansion, transmutation de notre amour pour la Vie, le divin en nous, en tout et en chacun. Cette conscience se propage sauvagement au c\u0153ur du chalet, dans la vall\u00e9e de Chamonix et au-del\u00e0. Notre Soleil int\u00e9rieur brille de mille feux et est tr\u00e8s contagieux! Nous exp\u00e9rimentons notre capacit\u00e9 \u00e0 transformer, vivre, partager notre vraie nature. En prenant conscience de concept que le mental ne peux appr\u00e9hender, en les exp\u00e9rimentant au quotidien et en les offrant \u00e0 qui veut recevoir, nous cr\u00e9ons le fondement de notre croissance. Nous sommes l\u00e0 pour chacun d&#8217;entre vous. Nous sommes et vivons l\u2019Unit\u00e9<\/p>\n<p>Nous avons v\u00e9cu des moments sp\u00e9ciaux gr\u00e2ce \u00e0 Romi et Louis, partageant leur joie au sein du chalet et aux r\u00e9sidents.<\/p>\n<p>Rosie, Charline, Denise, Ama, Winnie font partie des enseignantes qui nous ont rejoint durant cette saison. Partager leur amour et leur propre pratique permettant au chalet de grandir alors que nous nous r\u00e9unissions plus souvent pour cr\u00e9er des Bajhan (groupe de chants Healing Mantra dirig\u00e9 par Blanche). Unir nos voix, nos c\u0153urs, cr\u00e9er ensemble quelque chose d&#8217;unique.<\/p>\n<p>Pr\u00e9parant un automne avec un m\u00e9lange de retraites de yoga et de vacances de yoga, 2023 se terminera comme en 2022 par le march\u00e9 de No\u00ebl.<\/p>\n<p>&nbsp;<\/p>\n\r\n\t\t<\/div>\r\n\t<\/div>\r\n<div class=\"wpb_video_widget wpb_content_element vc_clearfix   vc_video-aspect-ratio-235 vc_video-el-width-100 vc_video-align-left\">\r\n\t\t<div class=\"wpb_wrapper\">\r\n\t\t\t\r\n\t\t\t<div class=\"wpb_video_wrapper\"><iframe loading=\"lazy\" title=\"Gate gate paragate parasamgate bodhi svaha by the Edelweiss Family\" width=\"1140\" height=\"641\" src=\"https:\/\/www.youtube.com\/embed\/VQoTpnOcrxc?feature=oembed\" frameborder=\"0\" allow=\"accelerometer; autoplay; clipboard-write; encrypted-media; gyroscope; picture-in-picture; web-share\" allowfullscreen><\/iframe><\/div>\r\n\t\t<\/div>\r\n\t<\/div><div class=\"vc_empty_space\"   style=\"height: 32px\"><span class=\"vc_empty_space_inner\"><\/span><\/div><div class=\"vc_empty_space\"   style=\"height: 32px\"><span class=\"vc_empty_space_inner\"><\/span><\/div><div class='wpb_content_element custom-title  with_title' ><div class=\"section-pre-title\">2022<\/div><div class=\"custom-title-inner align-center\" ><h2  class=\"section-title\" >L'\u00e9veil de la communaut\u00e9<\/h2><div class=\"icon-divider align-center\" ><i  class=\"svg divider1\"><\/i><\/div><\/div><div class=\"content_inner text-size-medium\"  ><\/div><\/div><div class=\"vc_empty_space\"   style=\"height: 32px\"><span class=\"vc_empty_space_inner\"><\/span><\/div><div class=\"wpb_text_column wpb_content_element\">\r\n\t\t<div class=\"wpb_wrapper\">\r\n\t\t\t<p>L\u2019ann\u00e9e 2022 sera comme une \u00e9tincelle, le premier souffle de l\u2019\u00e2me de notre communaut\u00e9 au sein du chalet. Exp\u00e9rimenter de nouvelles id\u00e9es, de nouvelles voies de croissances personnelles, pour les r\u00e9sidents et pour la communaut\u00e9. Nous avons mis en place un format de vacances de yoga pour permettre \u00e0 la communaut\u00e9 locale de se m\u00ealer aux personnes s\u00e9journant au chalet, cr\u00e9ant ainsi quelque chose d&#8217;unique. Le chalet comme nous accouche de lui-m\u00eame, de toute sa puissance au c\u0153ur du coeur.<\/p>\n<p>&nbsp;<\/p>\n<p>Laisser partir l&#8217;ancien, l\u2019honorer, nous permet de cr\u00e9er notre nouvelle r\u00e9alit\u00e9 et c&#8217;est ce que nous faisons individuellement et dans le processus collectif. Gr\u00e2ce \u00e0 cette nouvelle famille qui se reconna\u00eet, la communaut\u00e9 donne naissance \u00e0 l&#8217;esprit du Chalet. Sa v\u00e9ritable raison d&#8217;\u00eatre au service de l&#8217;Amour,\u00a0 Caroline, Emilie, Blanche, Karen, Alex et bien d&#8217;autres, apportent chacun leurs \u00e9nergies \u00e0 cet espace nous permettant d\u2019accueillir, d\u2019enseigner, de soutenir, tout en marchant sur notre chemin, ensemble, main dans la main, et faire l&#8217;exp\u00e9rience de l&#8217;unit\u00e9.<\/p>\n<p>C&#8217;est ce que nous voulons partager, offrir, au service de notre \u00e9nergie grandissante d&#8217;Amour &#038; Lumi\u00e8re.<\/p>\n\r\n\t\t<\/div>\r\n\t<\/div>\r\n<div class=\"wpb_single_image vc_align_center\" >\r\n\t\t\r\n\t\t<figure class=\"wpb_wrapper vc_figure\">\r\n\t\t\t<div class=\"vc_single_image-wrapper vc_box_border  vc_box_border_grey\"><img decoding=\"async\" width=\"300\" height=\"225\" src=\"https:\/\/edelweissyogachalet.com\/wp-content\/uploads\/2023\/07\/Carokmat-300x225.jpg\" class=\"vc_single_image-img attachment-medium\" alt=\"\" title=\"Carokmat\" srcset=\"https:\/\/edelweissyogachalet.com\/wp-content\/uploads\/2023\/07\/Carokmat-300x225.jpg 300w, https:\/\/edelweissyogachalet.com\/wp-content\/uploads\/2023\/07\/Carokmat-768x576.jpg 768w, https:\/\/edelweissyogachalet.com\/wp-content\/uploads\/2023\/07\/Carokmat-16x12.jpg 16w, https:\/\/edelweissyogachalet.com\/wp-content\/uploads\/2023\/07\/Carokmat-600x450.jpg 600w, https:\/\/edelweissyogachalet.com\/wp-content\/uploads\/2023\/07\/Carokmat.jpg 1024w\" sizes=\"(max-width: 300px) 100vw, 300px\" \/><\/div>\r\n\t\t<\/figure>\r\n\t<\/div><div class=\"vc_empty_space\"   style=\"height: 32px\"><span class=\"vc_empty_space_inner\"><\/span><\/div><div class=\"vc_empty_space\"   style=\"height: 32px\"><span class=\"vc_empty_space_inner\"><\/span><\/div><div class=\"vc_empty_space\"   style=\"height: 32px\"><span class=\"vc_empty_space_inner\"><\/span><\/div><div class='wpb_content_element custom-title  with_title' ><div class=\"section-pre-title\">2021<\/div><div class=\"custom-title-inner align-center\" ><h2  class=\"section-title\" >L'histoire de trois Yogis Ciara, Oscar &amp; Mathias<\/h2><div class=\"icon-divider align-center\" ><i  class=\"svg divider1\"><\/i><\/div><\/div><div class=\"content_inner text-size-medium\"  ><\/div><\/div><div class=\"vc_empty_space\"   style=\"height: 32px\"><span class=\"vc_empty_space_inner\"><\/span><\/div><\/div><\/div><\/div><div class=\"wpb_column vc_column_container vc_col-sm-6\"><div class=\"vc_column-inner\"><div class=\"wpb_wrapper\"><div class=\"wpb_text_column wpb_content_element\">\r\n\t\t<div class=\"wpb_wrapper\">\r\n\t\t\t<p>Nos chemins se sont crois\u00e9s dans une \u00e9cole de Yoga sur les plages de Goa en Inde. Les uns enseignaient, les autres apprenaient \u00e0 se conna\u00eetre et \u00e0 transmettre \u00e0 leurs tours.<\/p>\n<p>Et notre amiti\u00e9 s\u2019est d\u00e9velopp\u00e9e \u00e0 travers la pratique du Yoga, son enseignement et ses valeurs ancestrales. Ce lien tr\u00e8s fort s\u2019est accentu\u00e9 au fil des mois \u00e0 travers un objectif commun, celui d\u2019\u00e9voluer et de devenir la meilleure version de nous-m\u00eame. Nous avons tous les trois v\u00e9cus des exp\u00e9riences douloureuses, la souffrance et le deuil. Nous respectons aujourd\u2019hui ces \u00e9preuves car nous appr\u00e9cions les enseignements qu\u2019elles nous ont apport\u00e9s. Il nous apparait \u00e9vident maintenant que rien n\u2019arrive par hasard et qu\u2019il faut honorer les le\u00e7ons que la vie nous impose.<\/p>\n<p>Nous sommes pr\u00eats \u00e0 faire confiance, \u00e0 accepter toutes les exp\u00e9riences telles des cadeaux afin de rester dans un \u00e9tat d\u2019esprit empli d\u2019amour et de foi inexorable en la vie.<\/p>\n<p>En automne 2020, \u00e0 l\u2019initiative de Mathias, nous nous sommes retrouv\u00e9s \u00e0 Chamonix pour la \u201cEdelweiss week\u201d avec un collectif de Yogis du monde entier r\u00e9uni pour pratiquer, \u00e9changer et se ressourcer. C\u2019est lors de cette semaine de rencontre que nous avons d\u00e9cid\u00e9 de travailler ensemble avec cette m\u00eame aspiration en t\u00eate\u00a0: que pouvons-nous offrir \u00e0 la communaut\u00e9\u00a0? Comment pouvons-nous transmettre ce qui, pour nous, a \u00e9t\u00e9 salvateur et lib\u00e9rateur\u00a0? Comment donner \u00e0 chacun, gr\u00e2ce au yoga, l\u2019opportunit\u00e9 de se reconnecter \u00e0 soi-m\u00eame\u00a0?<\/p>\n<p>Nous vous invitons, dans ce chalet et cette vall\u00e9e magique, \u00e0 venir partager un bout de chemin avec nous.<\/p>\n\r\n\t\t<\/div>\r\n\t<\/div>\r\n<\/div><\/div><\/div><div class=\"wpb_column vc_column_container vc_col-sm-6\"><div class=\"vc_column-inner\"><div class=\"wpb_wrapper\"><div class=\"wpb_single_image vc_align_center\" >\r\n\t\t\r\n\t\t<figure class=\"wpb_wrapper vc_figure\">\r\n\t\t\t<div class=\"vc_single_image-wrapper vc_box_border  vc_box_border_grey\"><img decoding=\"async\" width=\"1024\" height=\"768\" src=\"https:\/\/edelweissyogachalet.com\/wp-content\/uploads\/2021\/06\/usdsdnnamed.jpg\" class=\"vc_single_image-img attachment-large\" alt=\"\" title=\"usdsdnnamed\" srcset=\"https:\/\/edelweissyogachalet.com\/wp-content\/uploads\/2021\/06\/usdsdnnamed.jpg 1024w, https:\/\/edelweissyogachalet.com\/wp-content\/uploads\/2021\/06\/usdsdnnamed-300x225.jpg 300w, https:\/\/edelweissyogachalet.com\/wp-content\/uploads\/2021\/06\/usdsdnnamed-768x576.jpg 768w, https:\/\/edelweissyogachalet.com\/wp-content\/uploads\/2021\/06\/usdsdnnamed-16x12.jpg 16w, https:\/\/edelweissyogachalet.com\/wp-content\/uploads\/2021\/06\/usdsdnnamed-600x450.jpg 600w\" sizes=\"(max-width: 1024px) 100vw, 1024px\" \/><\/div>\r\n\t\t<\/figure>\r\n\t<\/div><\/div><\/div><\/div><\/div><div data-vc-full-width=\"true\" data-vc-full-width-init=\"false\" class=\"ys-section vc_row wpb_row vc_row-fluid vc_custom_1610172950927 vc_row-has-fill\"><div class=\"wpb_column vc_column_container vc_col-sm-6\"><div class=\"vc_column-inner\"><div class=\"wpb_wrapper\"><div class=\"wpb_text_column wpb_content_element  vc_custom_1611808960949\">\r\n\t\t<div class=\"wpb_wrapper\">\r\n\t\t\t<h2 class=\"align-center\" style=\"text-align: left;\">Notre Message<\/h2>\n<p style=\"text-align: left;\">Nous sommes une famille de Yogis qui cr\u00e9e des exp\u00e9riences autour du Yoga pour les amoureux de la nature lorsqu\u2019il est temps de prendre du temps pour soi. Dans le cadre magique de la vall\u00e9e de Chamonix o\u00f9 nous aurons \u00e0 c\u0153ur de partager notre passion et tout l\u2019enseignement que nous avons re\u00e7u. Nous aimerions cr\u00e9er pour vous un moment parfait pour se retrouver, aller vers l\u2019inconnu, vivre des exp\u00e9riences qui font \u00e9voluer.<\/p>\n\r\n\t\t<\/div>\r\n\t<\/div>\r\n<\/div><\/div><\/div><div class=\"wpb_column vc_column_container vc_col-sm-6\"><div class=\"vc_column-inner\"><div class=\"wpb_wrapper\"><div class=\"wpb_text_column wpb_content_element  vc_custom_1611809009429\">\r\n\t\t<div class=\"wpb_wrapper\">\r\n\t\t\t<h2 class=\"align-center\" style=\"text-align: left;\">Nos Valeurs<\/h2>\n<p><b>L\u2019\u00e9quilibre\u00a0<\/b><span style=\"font-weight: 400;\">: en vivant plus pr\u00e8s de la nature, dans l\u2019instant pr\u00e9sent, au fil des saisons, en connexion profonde avec soi-m\u00eame.<\/span><\/p>\n<p><b>Le partage<\/b><span style=\"font-weight: 400;\">\u00a0: en cr\u00e9ant une communaut\u00e9 autour de la pratique du yoga mais aussi plus largement de l\u2019\u00e9change et de l\u2019entraide.<\/span><\/p>\n<p><b>La bienveillance<\/b><span style=\"font-weight: 400;\">\u00a0: en acceptant chacun tel qu\u2019il est, sans jugement et avec amour. En incitant chacun \u00e0 s\u2019accepter et \u00e0 appr\u00e9cier ce qu\u2019il est, \u00e0 s\u2019accorder du bien-\u00eatre.\u00a0<\/span><\/p>\n<p><b>La r\u00e9silience<\/b><span style=\"font-weight: 400;\">\u00a0: en aidant chacun, \u00e0 travers le yoga et une meilleure connaissance de soi, \u00e0 d\u00e9passer les \u00e9preuves de la vie et \u00e0 suivre son chemin dans la s\u00e9r\u00e9nit\u00e9.<\/span><\/p>\n<p><b>Le bien-\u00eatre<\/b><span style=\"font-weight: 400;\">: Savoir prendre du temps pour soi, pour se faire du bien, se reposer ou pour \u00e9voluer. Le chalet edelweiss est un lieu confortable pour se reconn<\/span><\/p>\n<p><b>La Nature: <\/b><span style=\"font-weight: 400;\">Profitez de la vall\u00e9e de Chamonix et de toutes ces activit\u00e9s pour d\u00e9connecter et se reconnecter \u00e0 l\u2019essentiel. <\/span><\/p>\n\r\n\t\t<\/div>\r\n\t<\/div>\r\n<\/div><\/div><\/div><\/div><div class=\"vc_row-full-width vc_clearfix\"><\/div><div class=\"ys-section vc_row wpb_row vc_row-fluid\"><div class=\"wpb_column vc_column_container vc_col-sm-12\"><div class=\"vc_column-inner\"><div class=\"wpb_wrapper\">\r\n\t\t<div class=\"wpb_content_element ys_team_members_section\">\r\n\r\n\t\t\t \t\t\t\r\n\t\t\t<div class='block_section_title'><h2  class='section-title'>L&#039;\u00e9quipe Edelweiss<\/h2><\/div>\r\n\t\t\t\t\t\t\r\n\t\t\t\t\t\t<div class=\"teams-inner\">\r\n\t\t\t<div class=\"team-holder clearfix ys-paginate-pagination isotope three-collumn\" data-isotope-options='{\"itemSelector\" : \".team-item\",\"layoutMode\" : \"fitRows\",\"transitionDuration\":\"0.7s\",\"fitRows\" : {\"columnWidth\":\".team-item\"}}' >\r\n\t\t\t\r\n\t\t\t\r\n\t\t\t    \t\t\t\t\t\t\t\r\n\t\t\t\t\t<div class=\"item team-item community\">\r\n\t\t\t\t\t\r\n\t\t\t\t\t\t\t\t\t\t\t\t<a href=\"https:\/\/edelweissyogachalet.com\/fr\/team-members\/ciara-2\/\" class=\"member-photo\">\r\n\t\t\t\t\t\t\t<img decoding=\"async\"  src=\"https:\/\/edelweissyogachalet.com\/wp-content\/uploads\/2018\/05\/ciara-450x468.jpg\"   alt='Ciara'  \/>\t\t\t\t\t\t<\/a>\r\n\t\t\t\t\t\t\t\t\t\t\t\t\r\n\t\t\t\t\t\t<div class=\"team-desc\">\r\n                        <div class=\"member-info\">\r\n\t\t\t\t\t\t\t<h5 class=\"member-name\"><a href=\"https:\/\/edelweissyogachalet.com\/fr\/team-members\/ciara-2\/\">Ciara<\/a><\/h5>\r\n\t\t\t\t\t\t\t\r\n\t\t\t\t\t\t\t\t\t\t\t\t\t\t<h6 class=\"member-position\">Yoga Teacher<\/h6>\r\n\t\t\t\t\t\t\t\t\t\t\t\t\t\t\r\n\t\t\t\t\t\t\t\t\t\t\t\t\t\t\r\n\t\t\t\t\t\t\t\t\t\t\t\t\t\t\r\n\t\t\t\t\t\t<\/div>\r\n                        <\/div>\r\n\t\t\t\t\t\t\r\n\t\t\t\t\t<\/div>\r\n\t\t\t\r\n\t\t\t\t\t\t\t\t\t\t\t\r\n\t\t\t\t\t<div class=\"item team-item community\">\r\n\t\t\t\t\t\r\n\t\t\t\t\t\t\t\t\t\t\t\t<a href=\"https:\/\/edelweissyogachalet.com\/fr\/team-members\/oscar-2\/\" class=\"member-photo\">\r\n\t\t\t\t\t\t\t<img decoding=\"async\"  src=\"https:\/\/edelweissyogachalet.com\/wp-content\/uploads\/2018\/05\/oscar-450x468.jpg\"   alt='Oscar'  \/>\t\t\t\t\t\t<\/a>\r\n\t\t\t\t\t\t\t\t\t\t\t\t\r\n\t\t\t\t\t\t<div class=\"team-desc\">\r\n                        <div class=\"member-info\">\r\n\t\t\t\t\t\t\t<h5 class=\"member-name\"><a href=\"https:\/\/edelweissyogachalet.com\/fr\/team-members\/oscar-2\/\">Oscar<\/a><\/h5>\r\n\t\t\t\t\t\t\t\r\n\t\t\t\t\t\t\t\t\t\t\t\t\t\t<h6 class=\"member-position\">Yoga Teacher<\/h6>\r\n\t\t\t\t\t\t\t\t\t\t\t\t\t\t\r\n\t\t\t\t\t\t\t\t\t\t\t\t\t\t\r\n\t\t\t\t\t\t\t\t\t\t\t\t\t\t\r\n\t\t\t\t\t\t<\/div>\r\n                        <\/div>\r\n\t\t\t\t\t\t\r\n\t\t\t\t\t<\/div>\r\n\t\t\t\r\n\t\t\t\t\t\t\t\t\t\t\t\r\n\t\t\t\t\t<div class=\"item team-item community\">\r\n\t\t\t\t\t\r\n\t\t\t\t\t\t\t\t\t\t\t\t<a href=\"https:\/\/edelweissyogachalet.com\/fr\/team-members\/mathias-2\/\" class=\"member-photo\">\r\n\t\t\t\t\t\t\t<img decoding=\"async\"  src=\"https:\/\/edelweissyogachalet.com\/wp-content\/uploads\/2020\/08\/Mathias-450x468.png\"   alt='Mathias'  \/>\t\t\t\t\t\t<\/a>\r\n\t\t\t\t\t\t\t\t\t\t\t\t\r\n\t\t\t\t\t\t<div class=\"team-desc\">\r\n                        <div class=\"member-info\">\r\n\t\t\t\t\t\t\t<h5 class=\"member-name\"><a href=\"https:\/\/edelweissyogachalet.com\/fr\/team-members\/mathias-2\/\">Mathias<\/a><\/h5>\r\n\t\t\t\t\t\t\t\r\n\t\t\t\t\t\t\t\t\t\t\t\t\t\t<h6 class=\"member-position\">Founder of Edelweiss Yoga Chalet<\/h6>\r\n\t\t\t\t\t\t\t\t\t\t\t\t\t\t\r\n\t\t\t\t\t\t\t\t\t\t\t\t\t\t\r\n\t\t\t\t\t\t\t\t\t\t\t\t\t\t\r\n\t\t\t\t\t\t<\/div>\r\n                        <\/div>\r\n\t\t\t\t\t\t\r\n\t\t\t\t\t<\/div>\r\n\t\t\t\r\n\t\t\t\t\t\t\t\t\r\n\t\t\t<\/div>\r\n\t\t\t<\/div>\r\n\t\t\t\r\n\t\t\t\t\t\t\r\n\t\t<\/div>\r\n\r\n\t\t<\/div><\/div><\/div><\/div><div class=\"ys-section vc_row wpb_row vc_row-fluid\"><div class=\"wpb_column vc_column_container vc_col-sm-12\"><div class=\"vc_column-inner\"><div class=\"wpb_wrapper\"><div class=\"vc_empty_space\"   style=\"height: 32px\"><span class=\"vc_empty_space_inner\"><\/span><\/div>\r\n\t\t<div class=\"wpb_content_element ys_team_members_section\">\r\n\r\n\t\t\t \t\t\t\r\n\t\t\t<div class='block_section_title'><h2  class='section-title'>Nos Invit\u00e9s<\/h2><\/div>\r\n\t\t\t\t\t\t\r\n\t\t\t\t\t\t<div class=\"teams-inner\">\r\n\t\t\t<div class=\"team-holder clearfix ys-paginate-pagination isotope three-collumn\" data-isotope-options='{\"itemSelector\" : \".team-item\",\"layoutMode\" : \"fitRows\",\"transitionDuration\":\"0.7s\",\"fitRows\" : {\"columnWidth\":\".team-item\"}}' >\r\n\t\t\t\r\n\t\t\t\r\n\t\t\t    \t\t\t\t\t\t\t\r\n\t\t\t\t\t<div class=\"item team-item guest-teacher-fr\">\r\n\t\t\t\t\t\r\n\t\t\t\t\t\t\t\t\t\t\t\t<a href=\"https:\/\/edelweissyogachalet.com\/fr\/team-members\/fr-lucy-howells-2\/\" class=\"member-photo\">\r\n\t\t\t\t\t\t\t<img decoding=\"async\"  src=\"https:\/\/edelweissyogachalet.com\/wp-content\/uploads\/2021\/03\/126867254_2836309253292963_1775654421860519788_o-450x468.jpg\"   alt='Lucy Howells'  \/>\t\t\t\t\t\t<\/a>\r\n\t\t\t\t\t\t\t\t\t\t\t\t\r\n\t\t\t\t\t\t<div class=\"team-desc\">\r\n                        <div class=\"member-info\">\r\n\t\t\t\t\t\t\t<h5 class=\"member-name\"><a href=\"https:\/\/edelweissyogachalet.com\/fr\/team-members\/fr-lucy-howells-2\/\">Lucy Howells<\/a><\/h5>\r\n\t\t\t\t\t\t\t\r\n\t\t\t\t\t\t\t\t\t\t\t\t\t\t<h6 class=\"member-position\">Yoga Teacher<\/h6>\r\n\t\t\t\t\t\t\t\t\t\t\t\t\t\t\r\n\t\t\t\t\t\t\t\t\t\t\t\t\t\t\r\n\t\t\t\t\t\t\t\t\t\t\t\t\t\t\r\n\t\t\t\t\t\t<\/div>\r\n                        <\/div>\r\n\t\t\t\t\t\t\r\n\t\t\t\t\t<\/div>\r\n\t\t\t\r\n\t\t\t\t\t\t\t\t\t\t\t\r\n\t\t\t\t\t<div class=\"item team-item guest-teacher-fr\">\r\n\t\t\t\t\t\r\n\t\t\t\t\t\t\t\t\t\t\t\t<a href=\"https:\/\/edelweissyogachalet.com\/fr\/team-members\/fr-maud-chuffard\/\" class=\"member-photo\">\r\n\t\t\t\t\t\t\t<img decoding=\"async\"  src=\"https:\/\/edelweissyogachalet.com\/wp-content\/uploads\/2021\/02\/maud-chuffard-450x468.jpg\"   alt='Maud Chuffard'  \/>\t\t\t\t\t\t<\/a>\r\n\t\t\t\t\t\t\t\t\t\t\t\t\r\n\t\t\t\t\t\t<div class=\"team-desc\">\r\n                        <div class=\"member-info\">\r\n\t\t\t\t\t\t\t<h5 class=\"member-name\"><a href=\"https:\/\/edelweissyogachalet.com\/fr\/team-members\/fr-maud-chuffard\/\">Maud Chuffard<\/a><\/h5>\r\n\t\t\t\t\t\t\t\r\n\t\t\t\t\t\t\t\t\t\t\t\t\t\t<h6 class=\"member-position\">Yoga Teacher<\/h6>\r\n\t\t\t\t\t\t\t\t\t\t\t\t\t\t\r\n\t\t\t\t\t\t\t\t\t\t\t\t\t\t\r\n\t\t\t\t\t\t\t\t\t\t\t\t\t\t\r\n\t\t\t\t\t\t<\/div>\r\n                        <\/div>\r\n\t\t\t\t\t\t\r\n\t\t\t\t\t<\/div>\r\n\t\t\t\r\n\t\t\t\t\t\t\t\t\r\n\t\t\t<\/div>\r\n\t\t\t<\/div>\r\n\t\t\t\r\n\t\t\t\t\t\t\r\n\t\t<\/div>\r\n\r\n\t\t<\/div><\/div><\/div><\/div><div class=\"ys-section vc_row wpb_row vc_row-fluid\"><div class=\"wpb_column vc_column_container vc_col-sm-12\"><div class=\"vc_column-inner\"><div class=\"wpb_wrapper\"><div class=\"vc_empty_space\"   style=\"height: 32px\"><span class=\"vc_empty_space_inner\"><\/span><\/div>\r\n\t\t<div class=\"wpb_content_element ys_team_members_section\">\r\n\r\n\t\t\t \t\t\t\r\n\t\t\t<div class='block_section_title'><h2  class='section-title'>Discover our Partners<\/h2><\/div>\r\n\t\t\t\t\t\t\r\n\t\t\t\t\t\t<div class=\"teams-inner\">\r\n\t\t\t<div class=\"team-holder clearfix ys-paginate-pagination isotope three-collumn\" data-isotope-options='{\"itemSelector\" : \".team-item\",\"layoutMode\" : \"fitRows\",\"transitionDuration\":\"0.7s\",\"fitRows\" : {\"columnWidth\":\".team-item\"}}' >\r\n\t\t\t\r\n\t\t\t\r\n\t\t\t    \t\t\t\t\t\t\t\r\n\t\t\t\t\t<div class=\"item team-item partners\">\r\n\t\t\t\t\t\r\n\t\t\t\t\t\t\t\t\t\t\t\t<a href=\"https:\/\/edelweissyogachalet.com\/fr\/team-members\/the-endless-coconut\/\" class=\"member-photo\">\r\n\t\t\t\t\t\t\t<img decoding=\"async\"  src=\"https:\/\/edelweissyogachalet.com\/wp-content\/uploads\/2021\/01\/the-endless-cononut3-03-450x468.png\"   alt='The Endless Coconut'  \/>\t\t\t\t\t\t<\/a>\r\n\t\t\t\t\t\t\t\t\t\t\t\t\r\n\t\t\t\t\t\t<div class=\"team-desc\">\r\n                        <div class=\"member-info\">\r\n\t\t\t\t\t\t\t<h5 class=\"member-name\"><a href=\"https:\/\/edelweissyogachalet.com\/fr\/team-members\/the-endless-coconut\/\">The Endless Coconut<\/a><\/h5>\r\n\t\t\t\t\t\t\t\r\n\t\t\t\t\t\t\t\t\t\t\t\t\t\t\r\n\t\t\t\t\t\t\t\t\t\t\t\t\t\t\r\n\t\t\t\t\t\t\t\t\t\t\t\t\t\t\r\n\t\t\t\t\t\t<\/div>\r\n                        <\/div>\r\n\t\t\t\t\t\t\r\n\t\t\t\t\t<\/div>\r\n\t\t\t\r\n\t\t\t\t\t\t\t\t\t\t\t\r\n\t\t\t\t\t<div class=\"item team-item partners\">\r\n\t\t\t\t\t\r\n\t\t\t\t\t\t\t\t\t\t\t\t<a href=\"https:\/\/edelweissyogachalet.com\/fr\/team-members\/creative-stories_\/\" class=\"member-photo\">\r\n\t\t\t\t\t\t\t<img decoding=\"async\"  src=\"https:\/\/edelweissyogachalet.com\/wp-content\/uploads\/2021\/01\/logo-creativestories_-2-450x468.png\"   alt='Creative Stories_'  \/>\t\t\t\t\t\t<\/a>\r\n\t\t\t\t\t\t\t\t\t\t\t\t\r\n\t\t\t\t\t\t<div class=\"team-desc\">\r\n                        <div class=\"member-info\">\r\n\t\t\t\t\t\t\t<h5 class=\"member-name\"><a href=\"https:\/\/edelweissyogachalet.com\/fr\/team-members\/creative-stories_\/\">Creative Stories_<\/a><\/h5>\r\n\t\t\t\t\t\t\t\r\n\t\t\t\t\t\t\t\t\t\t\t\t\t\t\r\n\t\t\t\t\t\t\t\t\t\t\t\t\t\t\r\n\t\t\t\t\t\t\t\t\t\t\t\t\t\t\r\n\t\t\t\t\t\t<\/div>\r\n                        <\/div>\r\n\t\t\t\t\t\t\r\n\t\t\t\t\t<\/div>\r\n\t\t\t\r\n\t\t\t\t\t\t\t\t\t\t\t\r\n\t\t\t\t\t<div class=\"item team-item partners\">\r\n\t\t\t\t\t\r\n\t\t\t\t\t\t\t\t\t\t\t\t<a href=\"https:\/\/edelweissyogachalet.com\/fr\/team-members\/saveurs-du-mt-blanc\/\" class=\"member-photo\">\r\n\t\t\t\t\t\t\t<img decoding=\"async\"  src=\"https:\/\/edelweissyogachalet.com\/wp-content\/uploads\/2021\/01\/compagnies-des-guides-1-450x468.png\"   alt='Saveurs du Mt Blanc'  \/>\t\t\t\t\t\t<\/a>\r\n\t\t\t\t\t\t\t\t\t\t\t\t\r\n\t\t\t\t\t\t<div class=\"team-desc\">\r\n                        <div class=\"member-info\">\r\n\t\t\t\t\t\t\t<h5 class=\"member-name\"><a href=\"https:\/\/edelweissyogachalet.com\/fr\/team-members\/saveurs-du-mt-blanc\/\">Saveurs du Mt Blanc<\/a><\/h5>\r\n\t\t\t\t\t\t\t\r\n\t\t\t\t\t\t\t\t\t\t\t\t\t\t\r\n\t\t\t\t\t\t\t\t\t\t\t\t\t\t\r\n\t\t\t\t\t\t\t\t\t\t\t\t\t\t\r\n\t\t\t\t\t\t<\/div>\r\n                        <\/div>\r\n\t\t\t\t\t\t\r\n\t\t\t\t\t<\/div>\r\n\t\t\t\r\n\t\t\t\t\t\t\t\t\r\n\t\t\t<\/div>\r\n\t\t\t<\/div>\r\n\t\t\t\r\n\t\t\t\t\t\t\r\n\t\t<\/div>\r\n\r\n\t\t<\/div><\/div><\/div><\/div><div class=\"ys-section vc_row wpb_row vc_row-fluid\"><div class=\"wpb_column vc_column_container vc_col-sm-12\"><div class=\"vc_column-inner\"><div class=\"wpb_wrapper\"><\/div><\/div><\/div><\/div>\n<\/div>","protected":false},"excerpt":{"rendered":"<p>Nous sommes une famille de Yogis qui cr\u00e9e des exp\u00e9riences autour du Yoga pour les amoureux de la nature lorsqu\u2019il est temps de prendre du temps pour soi.<\/p>","protected":false},"author":2,"featured_media":0,"parent":0,"menu_order":0,"comment_status":"closed","ping_status":"closed","template":"","meta":{"nf_dc_page":"","_monsterinsights_skip_tracking":false,"_monsterinsights_sitenote_active":false,"_monsterinsights_sitenote_note":"","_monsterinsights_sitenote_category":0,"footnotes":""},"class_list":["post-3106","page","type-page","status-publish","hentry"],"yoast_head":"<!-- This site is optimized with the Yoast SEO plugin v27.4 - https:\/\/yoast.com\/product\/yoast-seo-wordpress\/ -->\n<title>La Communaut\u00e9 - Edelweiss Yoga Chalet<\/title>\n<meta name=\"description\" content=\"Nous sommes une famille de Yogis qui cr\u00e9e des exp\u00e9riences autour du Yoga pour les amoureux de la nature lorsqu\u2019il est temps de prendre du temps pour soi.\" \/>\n<meta name=\"robots\" content=\"index, follow, max-snippet:-1, max-image-preview:large, max-video-preview:-1\" \/>\n<link rel=\"canonical\" href=\"https:\/\/edelweissyogachalet.com\/fr\/community\/\" \/>\n<meta property=\"og:locale\" content=\"fr_FR\" \/>\n<meta property=\"og:locale:alternate\" content=\"en_GB\" \/>\n<meta property=\"og:type\" content=\"article\" \/>\n<meta property=\"og:title\" content=\"La Communaut\u00e9 - Edelweiss Yoga Chalet\" \/>\n<meta property=\"og:description\" content=\"Nous sommes une famille de Yogis qui cr\u00e9e des exp\u00e9riences autour du Yoga pour les amoureux de la nature lorsqu\u2019il est temps de prendre du temps pour soi.\" \/>\n<meta property=\"og:url\" content=\"https:\/\/edelweissyogachalet.com\/fr\/community\/\" \/>\n<meta property=\"og:site_name\" content=\"Edelweiss Yoga Chalet\" \/>\n<meta property=\"article:publisher\" content=\"https:\/\/www.facebook.com\/Edelweissyogachalet\" \/>\n<meta property=\"article:modified_time\" content=\"2023-07-21T07:47:10+00:00\" \/>\n<meta property=\"og:image\" content=\"https:\/\/edelweissyogachalet.com\/wp-content\/uploads\/2020\/08\/logo_Edelweiss.png\" \/>\n\t<meta property=\"og:image:width\" content=\"450\" \/>\n\t<meta property=\"og:image:height\" content=\"198\" \/>\n\t<meta property=\"og:image:type\" content=\"image\/png\" \/>\n<meta name=\"twitter:card\" content=\"summary_large_image\" \/>\n<meta name=\"twitter:label1\" content=\"Dur\u00e9e de lecture estim\u00e9e\" \/>\n\t<meta name=\"twitter:data1\" content=\"2 minutes\" \/>\n<script type=\"application\/ld+json\" class=\"yoast-schema-graph\">{\"@context\":\"https:\\\/\\\/schema.org\",\"@graph\":[{\"@type\":\"WebPage\",\"@id\":\"https:\\\/\\\/edelweissyogachalet.com\\\/fr\\\/community\\\/\",\"url\":\"https:\\\/\\\/edelweissyogachalet.com\\\/fr\\\/community\\\/\",\"name\":\"La Communaut\u00e9 - Edelweiss Yoga Chalet\",\"isPartOf\":{\"@id\":\"https:\\\/\\\/edelweissyogachalet.com\\\/fr\\\/#website\"},\"datePublished\":\"2021-01-09T06:26:59+00:00\",\"dateModified\":\"2023-07-21T07:47:10+00:00\",\"description\":\"Nous sommes une famille de Yogis qui cr\u00e9e des exp\u00e9riences autour du Yoga pour les amoureux de la nature lorsqu\u2019il est temps de prendre du temps pour soi.\",\"breadcrumb\":{\"@id\":\"https:\\\/\\\/edelweissyogachalet.com\\\/fr\\\/community\\\/#breadcrumb\"},\"inLanguage\":\"fr-FR\",\"potentialAction\":[{\"@type\":\"ReadAction\",\"target\":[\"https:\\\/\\\/edelweissyogachalet.com\\\/fr\\\/community\\\/\"]}]},{\"@type\":\"BreadcrumbList\",\"@id\":\"https:\\\/\\\/edelweissyogachalet.com\\\/fr\\\/community\\\/#breadcrumb\",\"itemListElement\":[{\"@type\":\"ListItem\",\"position\":1,\"name\":\"Home\",\"item\":\"https:\\\/\\\/edelweissyogachalet.com\\\/\"},{\"@type\":\"ListItem\",\"position\":2,\"name\":\"La Communaut\u00e9\"}]},{\"@type\":\"WebSite\",\"@id\":\"https:\\\/\\\/edelweissyogachalet.com\\\/fr\\\/#website\",\"url\":\"https:\\\/\\\/edelweissyogachalet.com\\\/fr\\\/\",\"name\":\"Edelweiss Yoga Chalet\",\"description\":\"Cours et S\u00e9jours de Yoga \u00e0 Chamonix\",\"potentialAction\":[{\"@type\":\"SearchAction\",\"target\":{\"@type\":\"EntryPoint\",\"urlTemplate\":\"https:\\\/\\\/edelweissyogachalet.com\\\/fr\\\/?s={search_term_string}\"},\"query-input\":{\"@type\":\"PropertyValueSpecification\",\"valueRequired\":true,\"valueName\":\"search_term_string\"}}],\"inLanguage\":\"fr-FR\"}]}<\/script>\n<!-- \/ Yoast SEO plugin. -->","yoast_head_json":{"title":"La Communaut\u00e9 - Edelweiss Yoga Chalet","description":"Nous sommes une famille de Yogis qui cr\u00e9e des exp\u00e9riences autour du Yoga pour les amoureux de la nature lorsqu\u2019il est temps de prendre du temps pour soi.","robots":{"index":"index","follow":"follow","max-snippet":"max-snippet:-1","max-image-preview":"max-image-preview:large","max-video-preview":"max-video-preview:-1"},"canonical":"https:\/\/edelweissyogachalet.com\/fr\/community\/","og_locale":"fr_FR","og_type":"article","og_title":"La Communaut\u00e9 - Edelweiss Yoga Chalet","og_description":"Nous sommes une famille de Yogis qui cr\u00e9e des exp\u00e9riences autour du Yoga pour les amoureux de la nature lorsqu\u2019il est temps de prendre du temps pour soi.","og_url":"https:\/\/edelweissyogachalet.com\/fr\/community\/","og_site_name":"Edelweiss Yoga Chalet","article_publisher":"https:\/\/www.facebook.com\/Edelweissyogachalet","article_modified_time":"2023-07-21T07:47:10+00:00","og_image":[{"width":450,"height":198,"url":"https:\/\/edelweissyogachalet.com\/wp-content\/uploads\/2020\/08\/logo_Edelweiss.png","type":"image\/png"}],"twitter_card":"summary_large_image","twitter_misc":{"Dur\u00e9e de lecture estim\u00e9e":"2 minutes"},"schema":{"@context":"https:\/\/schema.org","@graph":[{"@type":"WebPage","@id":"https:\/\/edelweissyogachalet.com\/fr\/community\/","url":"https:\/\/edelweissyogachalet.com\/fr\/community\/","name":"La Communaut\u00e9 - Edelweiss Yoga Chalet","isPartOf":{"@id":"https:\/\/edelweissyogachalet.com\/fr\/#website"},"datePublished":"2021-01-09T06:26:59+00:00","dateModified":"2023-07-21T07:47:10+00:00","description":"Nous sommes une famille de Yogis qui cr\u00e9e des exp\u00e9riences autour du Yoga pour les amoureux de la nature lorsqu\u2019il est temps de prendre du temps pour soi.","breadcrumb":{"@id":"https:\/\/edelweissyogachalet.com\/fr\/community\/#breadcrumb"},"inLanguage":"fr-FR","potentialAction":[{"@type":"ReadAction","target":["https:\/\/edelweissyogachalet.com\/fr\/community\/"]}]},{"@type":"BreadcrumbList","@id":"https:\/\/edelweissyogachalet.com\/fr\/community\/#breadcrumb","itemListElement":[{"@type":"ListItem","position":1,"name":"Home","item":"https:\/\/edelweissyogachalet.com\/"},{"@type":"ListItem","position":2,"name":"La Communaut\u00e9"}]},{"@type":"WebSite","@id":"https:\/\/edelweissyogachalet.com\/fr\/#website","url":"https:\/\/edelweissyogachalet.com\/fr\/","name":"Edelweiss Yoga Chalet","description":"Cours et S\u00e9jours de Yoga \u00e0 Chamonix","potentialAction":[{"@type":"SearchAction","target":{"@type":"EntryPoint","urlTemplate":"https:\/\/edelweissyogachalet.com\/fr\/?s={search_term_string}"},"query-input":{"@type":"PropertyValueSpecification","valueRequired":true,"valueName":"search_term_string"}}],"inLanguage":"fr-FR"}]}},"_links":{"self":[{"href":"https:\/\/edelweissyogachalet.com\/fr\/wp-json\/wp\/v2\/pages\/3106","targetHints":{"allow":["GET"]}}],"collection":[{"href":"https:\/\/edelweissyogachalet.com\/fr\/wp-json\/wp\/v2\/pages"}],"about":[{"href":"https:\/\/edelweissyogachalet.com\/fr\/wp-json\/wp\/v2\/types\/page"}],"author":[{"embeddable":true,"href":"https:\/\/edelweissyogachalet.com\/fr\/wp-json\/wp\/v2\/users\/2"}],"replies":[{"embeddable":true,"href":"https:\/\/edelweissyogachalet.com\/fr\/wp-json\/wp\/v2\/comments?post=3106"}],"version-history":[{"count":6,"href":"https:\/\/edelweissyogachalet.com\/fr\/wp-json\/wp\/v2\/pages\/3106\/revisions"}],"predecessor-version":[{"id":4222,"href":"https:\/\/edelweissyogachalet.com\/fr\/wp-json\/wp\/v2\/pages\/3106\/revisions\/4222"}],"wp:attachment":[{"href":"https:\/\/edelweissyogachalet.com\/fr\/wp-json\/wp\/v2\/media?parent=3106"}],"curies":[{"name":"wp","href":"https:\/\/api.w.org\/{rel}","templated":true}]}}