{"id":4586,"date":"2025-02-14T06:49:36","date_gmt":"2025-02-14T05:49:36","guid":{"rendered":"https:\/\/edelweissyogachalet.com\/fr\/?post_type=product&#038;p=4586"},"modified":"2026-04-09T08:45:15","modified_gmt":"2026-04-09T07:45:15","slug":"22052025","status":"publish","type":"product","link":"https:\/\/edelweissyogachalet.com\/fr\/produit\/22052025\/","title":{"rendered":"Retraites Vacances de Yoga &#8211; Mai 2026"},"content":{"rendered":"<h2 id=\"tw-target-text\" class=\"tw-data-text tw-text-large tw-ta\" dir=\"ltr\" data-placeholder=\"Traduction\" data-ved=\"2ahUKEwjLi4rn1JyLAxWJm_0HHY2cLjEQ3ewLegQICBAU\" aria-label=\"Texte traduit\u00a0: Alchimie int\u00e9rieure\u00a0: le voyage vers le c\u0153ur Rejoignez-nous pour un voyage transformateur de d\u00e9couverte de soi et d'autonomisation en adoptant l'id\u00e9e de \u00ab vivre avec un c\u0153ur ouvert \u00bb et en comprenant l'amour comme une \u00e9nergie universelle qui transcende tout. Bienvenue dans cette retraite, o\u00f9 Denise, Mathias et Omer vous invitent \u00e0 embarquer ensemble pour un voyage o\u00f9 vous plongerez dans la puissance infinie de l'Amour. Intemporel, sans limites, authentique, incassable, Thore sont les quelques mots qui d\u00e9finissent l'intention et la direction que nous partagerons avec gentillesse, douceur, compassion et altruisme. \"><strong><span class=\"Y2IQFc\" lang=\"fr\">Alchimie int\u00e9rieure\u00a0: le voyage vers le c\u0153ur <\/span><\/strong><\/h2>\n<p id=\"\" class=\"tw-data-text tw-text-large tw-ta\" dir=\"ltr\" data-placeholder=\"Traduction\" data-ved=\"2ahUKEwjLi4rn1JyLAxWJm_0HHY2cLjEQ3ewLegQICBAU\" aria-label=\"Texte traduit\u00a0: Alchimie int\u00e9rieure\u00a0: le voyage vers le c\u0153ur Rejoignez-nous pour un voyage transformateur de d\u00e9couverte de soi et d'autonomisation en adoptant l'id\u00e9e de \u00ab vivre avec un c\u0153ur ouvert \u00bb et en comprenant l'amour comme une \u00e9nergie universelle qui transcende tout. Bienvenue dans cette retraite, o\u00f9 Denise, Mathias et Omer vous invitent \u00e0 embarquer ensemble pour un voyage o\u00f9 vous plongerez dans la puissance infinie de l'Amour. Intemporel, sans limites, authentique, incassable, Thore sont les quelques mots qui d\u00e9finissent l'intention et la direction que nous partagerons avec gentillesse, douceur, compassion et altruisme. \"><span class=\"Y2IQFc\" lang=\"fr\">Rejoignez-nous pour une exp\u00e9rience de d\u00e9couverte de soi\u00a0 en adoptant l&#8217;id\u00e9e de \u00ab vivre avec un c\u0153ur ouvert \u00bb en comprenant l&#8217;amour comme une \u00e9nergie universelle qui transcende tout.<\/span><\/p>\n<p id=\"\" class=\"tw-data-text tw-text-large tw-ta\" dir=\"ltr\" data-placeholder=\"Traduction\" data-ved=\"2ahUKEwjLi4rn1JyLAxWJm_0HHY2cLjEQ3ewLegQICBAU\" aria-label=\"Texte traduit\u00a0: Alchimie int\u00e9rieure\u00a0: le voyage vers le c\u0153ur Rejoignez-nous pour un voyage transformateur de d\u00e9couverte de soi et d'autonomisation en adoptant l'id\u00e9e de \u00ab vivre avec un c\u0153ur ouvert \u00bb et en comprenant l'amour comme une \u00e9nergie universelle qui transcende tout. Bienvenue dans cette retraite, o\u00f9 Denise, Mathias et Omer vous invitent \u00e0 embarquer ensemble pour un voyage o\u00f9 vous plongerez dans la puissance infinie de l'Amour. Intemporel, sans limites, authentique, incassable, Thore sont les quelques mots qui d\u00e9finissent l'intention et la direction que nous partagerons avec gentillesse, douceur, compassion et altruisme. \"><span class=\"Y2IQFc\" lang=\"fr\">Bienvenue dans cette retraite, o\u00f9 <strong>Mathias et sa communaut\u00e9<\/strong> vous invitent pour un voyage o\u00f9 vous plongerez dans la puissance infinie de l&#8217;Amour.<\/span><\/p>\n<p id=\"\" class=\"tw-data-text tw-text-large tw-ta\" dir=\"ltr\" data-placeholder=\"Traduction\" data-ved=\"2ahUKEwjLi4rn1JyLAxWJm_0HHY2cLjEQ3ewLegQICBAU\" aria-label=\"Texte traduit\u00a0: Alchimie int\u00e9rieure\u00a0: le voyage vers le c\u0153ur Rejoignez-nous pour un voyage transformateur de d\u00e9couverte de soi et d'autonomisation en adoptant l'id\u00e9e de \u00ab vivre avec un c\u0153ur ouvert \u00bb et en comprenant l'amour comme une \u00e9nergie universelle qui transcende tout. Bienvenue dans cette retraite, o\u00f9 Denise, Mathias et Omer vous invitent \u00e0 embarquer ensemble pour un voyage o\u00f9 vous plongerez dans la puissance infinie de l'Amour. Intemporel, sans limites, authentique, incassable, Thore sont les quelques mots qui d\u00e9finissent l'intention et la direction que nous partagerons avec gentillesse, douceur, compassion et altruisme. \"><span class=\"Y2IQFc\" lang=\"fr\">Intemporel, sans limites, authentique sont les quelques mots qui d\u00e9finissent l&#8217;intention et la direction que nous partagerons avec gentillesse, douceur, compassion et altruisme. &#8220;As Within so Outside&#8221; met en lumi\u00e8re le savoir ancestral selon lequel ce que nous cultivons \u00e0 l&#8217;int\u00e9rieur se manifestera dans notre r\u00e9alit\u00e9 telle que nous la percevons.<\/span><\/p>\n<p id=\"\" class=\"tw-data-text tw-text-large tw-ta\" dir=\"ltr\" data-placeholder=\"Traduction\" data-ved=\"2ahUKEwjLi4rn1JyLAxWJm_0HHY2cLjEQ3ewLegQICBAU\" aria-label=\"Texte traduit\u00a0: Alchimie int\u00e9rieure\u00a0: le voyage vers le c\u0153ur Rejoignez-nous pour un voyage transformateur de d\u00e9couverte de soi et d'autonomisation en adoptant l'id\u00e9e de \u00ab vivre avec un c\u0153ur ouvert \u00bb et en comprenant l'amour comme une \u00e9nergie universelle qui transcende tout. Bienvenue dans cette retraite, o\u00f9 Denise, Mathias et Omer vous invitent \u00e0 embarquer ensemble pour un voyage o\u00f9 vous plongerez dans la puissance infinie de l'Amour. Intemporel, sans limites, authentique, incassable, Thore sont les quelques mots qui d\u00e9finissent l'intention et la direction que nous partagerons avec gentillesse, douceur, compassion et altruisme. \"><span class=\"Y2IQFc\" lang=\"fr\">Le th\u00e8me \u00ab Alchimie int\u00e9rieure : le voyage vers le c\u0153ur \u00bb embrasse l&#8217;id\u00e9e de se reconnecter \u00e0 son moi int\u00e9rieur et de red\u00e9couvrir l&#8217;essence de qui nous sommes vraiment, tout en plongeant en profondeur dans des pratiques holistiques pour l&#8217;esprit, le corps et l&#8217;\u00e2me.<\/span><\/p>\n<p>&nbsp;<\/p>\n<h2><b>En r\u00e9sum\u00e9: :<\/b><\/h2>\n<p>* Pratique quotidienne du yoga, activit\u00e9s et ateliers<\/p>\n<p>* C\u00e9r\u00e9monie du cacao, chant de mantra, s\u00e9ance de respiration, s\u00e9ance d&#8217;activation de Kundalini, Puja, cercle de partage, bain sonore et bien d&#8217;autres activit\u00e9s<\/p>\n<p>* Confort et tranquillit\u00e9 d&#8217;un chalet alpin typique<\/p>\n<p>* Enseignants exp\u00e9riment\u00e9s pour cr\u00e9er, partager et tenir l\u2019espace<\/p>\n<p>* Diff\u00e9rents types de pratiques de yoga pour d\u00e9couvrir et\/ou approfondir<\/p>\n<p>* 5 min \u00e0 pied de la rivi\u00e8re et de la for\u00eat &#8211; 15 min \u00e0 pied du centre ville<\/p>\n<p>* De d\u00e9licieux repas v\u00e9g\u00e9tariens pr\u00e9par\u00e9s avec amour par nous-m\u00eames ou par un chef local<\/p>\n<p>* Fruits, collations, th\u00e9<\/p>\n<p>* Retraite de 4 jours ou options de 5 jours \u00e9galement disponibles ou longue dur\u00e9e<\/p>\n<p>* 3 nuits d&#8217;h\u00e9bergement tout compris<\/p>\n<h2><b>D\u00e9tails<\/b><\/h2>\n<p>Heure : Check In \u00e0 14h00 | Check out \u00e0 10h00 (Veuillez vous assurez que vous pouvez arriver<strong> avant 15h00 le Mercredi ou Jeudi! pour l&#8217;orientation)<\/strong><\/p>\n<p>Pour info vous pouvez prolonger votre s\u00e9jour selon vos d\u00e9sirs, contactez nous \ud83d\ude42<\/p>\n<p>Les cours et la retraite sont en <b>Anglais<\/b> ou Francais car nous aimons accueillir autant de nationalit\u00e9s que possible.<\/p>\n<p>H\u00f4tes Enseignants :<b>\u00a0 Mathias<\/b><\/p>\n<p>Nos chers intervenants et enseignants ponctuel : \u00c9milie, Kieran, Giulia, Alex et tant d&#8217;autres enseignants ou gu\u00e9risseurs.<\/p>\n<p>Ce n&#8217;est pas une retraite traditionnelle, c&#8217;est une co-cr\u00e9ation o\u00f9 vous aurez la possibilit\u00e9 de vous reposer, de pratiquer, de vous immerger pleinement et de vous connecter avec les enseignants, les participants et la communaut\u00e9 locale qui se joignent aux activit\u00e9s.<\/p>\n<p>Ce n&#8217;est pas une retraite typique. C\u2019est un moment privil\u00e9gi\u00e9 pour vous immerger dans la vie du Yoga et vous connecter de mani\u00e8re plus profonde.<\/p>\n<p>Ce n&#8217;est pas un h\u00f4tel ou un centre de retraite de yoga. C&#8217;est notre maison, un chalet que nous aimons ouvrir \u00e0 notre famille toujours grandissante.<\/p>\n<p>&nbsp;<\/p>\n<p><b>Transport. <\/b>Nous serons heureux de venir vous chercher \u00e0 l&#8217;arr\u00eat de bus\/train de Chamonix. Faites-nous simplement savoir votre heure d&#8217;arriv\u00e9e.<\/p>\n<p>&nbsp;<\/p>\n<h2><b>Bienvenue \u00e0 Edelweiss<\/b><\/h2>\n<p>Prenez du recul par rapport \u00e0 votre emploi du temps charg\u00e9 pour vous reposer et vous r\u00e9initialiser. D\u00e9tendez-vous, profitez et utilisez cette retraite pour vous impr\u00e9gner de l&#8217;ambiance magique que cette vall\u00e9e a \u00e0 offrir.<\/p>\n<p>Yoga signifie \u00ab lier \u00bb, \u00ab unir \u00bb. Cette discipline vieille de plusieurs mill\u00e9naires relie le corps et l&#8217;esprit, les gens entre eux et les gens \u00e0 leur environnement. Parce que nous sommes tous connect\u00e9s les uns aux autres mais aussi \u00e0 la nature, nous avons imagin\u00e9 ce format de Vacances Yoga combinant Yoga et randonn\u00e9e comme une opportunit\u00e9 de s&#8217;ancrer dans la beaut\u00e9 et la force de la nature et de nous connecter au sacr\u00e9, \u00e0 l&#8217;espace le plus sacr\u00e9. il y a notre propre corps. Nous partagerons des cours de yoga \u00e0 la fois dynamiques et r\u00e9parateurs pour appr\u00e9hender et activer nos \u00e9nergies subtiles, des promenades silencieuses dans la nature pour cr\u00e9er des \u00e9tats de conscience invitant \u00e0 de nouvelles exp\u00e9riences, des pratiques de pranayama pour calmer l&#8217;esprit et r\u00e9g\u00e9n\u00e9rer notre syst\u00e8me immunitaire. Nous vous accueillons chaleureusement dans notre magnifique chalet de yoga au pied des plus hauts sommets des Alpes. Une occasion de passer un moment de silence. Contempler. Recevoir.<\/p>\n<p>\u00ab Si un lieu est source de paix, cette paix peut-elle rayonner vers ceux qui l\u2019habitent ? Et si oui, jusqu\u2019o\u00f9 \u2013 comme une pierre jet\u00e9e dans un \u00e9tang \u2013 cette paix s\u2019\u00e9tendra-t-elle ? &#8220;Rick Bass<\/p>\n<h2><b>Pratique du Yoga<\/b><\/h2>\n<p>Tous les niveaux de pratique du Yoga sont les bienvenus<\/p>\n<p>Durant votre s\u00e9jour chez nous nous pratiquerons le Yoga ensemble sur notre belle terrasse face au Mont Blanc. La pratique du matin sera revigorante au lever du soleil. Des interm\u00e8des ave randonn\u00e9es dans les montagnes magiques environnantes. Dans l&#8217;apr\u00e8s-midi, nous profiterons soit d&#8217;une pratique douce, soit d&#8217;une activit\u00e9 sp\u00e9ciale. Nos professeurs s&#8217;adaptent \u00e0 votre niveau pour que vous profitiez pleinement du moment pr\u00e9sent<\/p>\n<h2><b>R\u00e9volution int\u00e9rieure<\/b><\/h2>\n<p>Avec une touche de jours f\u00e9erique, vous serez nourri avec au moins 1 pratique de yoga par jour et 2 repas. Certains jours auront 2 cours, les week-ends sont g\u00e9n\u00e9ralement charg\u00e9s avec beaucoup de yoga et d&#8217;activit\u00e9s conscientes, Master Class, bain sonore, danse extatique, Bahjan, c\u00e9r\u00e9monies lunaires etc. Ce format permet \u00e0 la communaut\u00e9 locale de rejoindre nos cours de yoga, ateliers et activit\u00e9s consciente.<\/p>\n<p>Cela vous laissera un peu d&#8217;espace et de temps pour faire du tourisme, de la randonn\u00e9e, vous d\u00e9tendre avec nous ou avec d&#8217;autres r\u00e9sidents, peut-\u00eatre faire un vrai travail de r\u00e9flexion ou r\u00e9fl\u00e9chir \u00e0 votre croissance personnelle avec d&#8217;autres. Le timing est divin car nous voulions cr\u00e9er un format flexible o\u00f9 vous pourrez s\u00e9journer pour une retraite ou plus longtemps. Nous aurons des amis qui nous rendront visite pour partager leur pratique de yoga ou de gu\u00e9rison. Vous pouvez vous attendre \u00e0 de l&#8217;Ashtanga, du Vinyasa Flow, du Hatha, du Yin Yoga, du Yoga Nidra, du Kundalini Yoga, des promenades silencieuses et m\u00e9ditatives, des pratiques aux chandelles, des s\u00e9ances de bains sonores, un atelier herboriste, une connexion divine avec soi, une m\u00e9ditation de cristal, une c\u00e9r\u00e9monie du cercle de lune, une Extatic danse et la liste s&#8217;allonge \u00e0 mesure que nous cr\u00e9ons des exp\u00e9riences en cours de route.<\/p>\n<p>Massage et soin \u00e9nerg\u00e9tiques doivent \u00eatre r\u00e9serv\u00e9s \u00e0 l&#8217;avance.<\/p>\n<h2><b>Randonn\u00e9e \u00e0 Chamonix<\/b><\/h2>\n<p>Chamonix est l&#8217;endroit id\u00e9al pour profiter du plein air et ressentir une connexion profonde avec la nature environnante. Le vendredi ou le samedi, nous irons en montagne avec une demi-journ\u00e9e de randonn\u00e9e &#038; pique-nique. Nos randonn\u00e9es seront encadr\u00e9es par un guide de montagne exp\u00e9riment\u00e9 de la Compagnie des guides de Chamonix qui poss\u00e8de une connaissance approfondie de la r\u00e9gion de Chamonix ainsi que toute la formation n\u00e9cessaire pour assurer notre s\u00e9curit\u00e9 et notre bonheur pendant notre aventure en montagne.<\/p>\n<h2><b>Nourrissez-vous<\/b><\/h2>\n<p>Le brunch et le d\u00eener seront servis au Chalet. Tous les repas seront pr\u00e9par\u00e9s par notre chef r\u00e9sident dont la mission est de vous faire voyager gustativement \u00e0 travers des ingr\u00e9dients, des fruits et l\u00e9gumes de saison d&#8217;origine locale.<\/p>\n<h2><b>Reinitialisation et reconnection<br \/>\n<\/b><\/h2>\n<p>Nous souhaitons que vous quittiez votre retraite reposer et en forme ! Nous serions donc ravis que vous profitiez de notre sauna du chalet ou que vous preniez un long bain chaud dans l&#8217;une de nos belles salles de bains privatives. \u00c0 Chamonix, il y a beaucoup \u00e0 explorer pendant votre temps libre, certaines des activit\u00e9s possibles incluent la randonn\u00e9e, l&#8217;escalade et la visite du march\u00e9 local le samedi. Si le temps n\u2019est pas si clair et ensoleill\u00e9, nous pouvons organiser une agr\u00e9able soir\u00e9e cin\u00e9ma de yoga, ou simplement lire, nous d\u00e9tendre et prendre du temps pour nous autour d\u2019un feu ouvert, flaner , danser, chanter. Ainsi, que vous soyez en montagne ou bien allong\u00e9 sur le tapis, nous sommes convaincus qu&#8217;il y aura quelque chose de nouveau \u00e0 exp\u00e9rimenter pour tout le monde en r\u00e9unissant ces deux pratiques sp\u00e9ciales.<\/p>\n<p>&nbsp;<\/p>\n<p><b>Une journ\u00e9e type lors d&#8217;une retraite au chalet de yoga Edelweiss<\/b><\/p>\n<p>** Nous honorons et respectons lla montagne, les saisons donc toutes les activit\u00e9s sont soumises \u00e0 la m\u00e9t\u00e9o. Nos pratiques de yoga se d\u00e9roulent soit sur la terrasse, soit au c\u0153ur du Chalet. Cela signifie que chaque jour est une cr\u00e9ation, une adaptation unique au temps et aux personnes qui se r\u00e9unissent pour ce moment privil\u00e9gi\u00e9 **<\/p>\n<p>9h00 | Pratique du Yoga<\/p>\n<p>11h00 | Brunch<\/p>\n<p>12h00 | Temps libre \/ Massage \/ Soins<\/p>\n<p>17h00 | Pratique du Yoga \/ Atelier sp\u00e9cial<\/p>\n<p>20h00 | Heure du d\u00eener<\/p>\n<p>21h00 | Mauna \/ Heure du coucher<\/p>\n<p>&nbsp;<\/p>\n<p><b>Nuits suppl\u00e9mentaires<\/b><\/p>\n<p>Vous pouvez personnaliser la dur\u00e9e de votre s\u00e9jour \u00e0 votre convenance. N&#8217;h\u00e9sitez pas \u00e0 nous contacter<\/p>\n<p>mathias@edelweissyogachalet.com<\/p>\n<p>T\u00e9l : +3378592181<\/p>\n<p>&nbsp;<\/p>\n<p>&nbsp;<\/p>\n<p>&nbsp;<\/p>","protected":false},"excerpt":{"rendered":"<p><i>Choisissez le type de chambre, la dur\u00e9e de votre s\u00e9jour et votre jour d&#8217;arriv\u00e9. Toutes les chambres ont une salle de bain\/douche priv\u00e9e. Conditions de r\u00e9servation: 50% d\u2019acompte pour r\u00e9server votre place et le solde \u00e0 votre arriv\u00e9e. Namaste !<\/i><\/p>\n<p><i><span style=\"font-weight: 400;\">\u00a0<\/span><\/i><\/p>","protected":false},"featured_media":4289,"template":"","meta":{"nf_dc_page":"","_monsterinsights_skip_tracking":false,"_monsterinsights_sitenote_active":false,"_monsterinsights_sitenote_note":"","_monsterinsights_sitenote_category":0},"product_brand":[],"product_cat":[256,262],"product_tag":[242,100,244,243],"class_list":{"0":"post-4586","1":"product","2":"type-product","3":"status-publish","4":"has-post-thumbnail","6":"product_cat-sejours","7":"product_cat-yoga-fr","8":"product_tag-chill","9":"product_tag-yoga","10":"product_tag-yoga-chamonix","11":"product_tag-yoga-retreat-chamonix","13":"first","14":"instock","15":"shipping-taxable","16":"purchasable","17":"product-type-variable","18":"ys-new-badge"},"yoast_head":"<!-- This site is optimized with the Yoast SEO plugin v27.4 - https:\/\/yoast.com\/product\/yoast-seo-wordpress\/ -->\n<title>Retraites Vacances de Yoga - Mai 2026<\/title>\n<meta name=\"description\" content=\"Nous sommes heureux d&#039;accueillir tous ceux qui souhaitent se d\u00e9connecter et se retrouver, au plus proche de la nature, au Chalet Edelweiss.\" \/>\n<meta name=\"robots\" content=\"index, follow, max-snippet:-1, max-image-preview:large, max-video-preview:-1\" \/>\n<link rel=\"canonical\" href=\"https:\/\/edelweissyogachalet.com\/fr\/product\/22052025\/\" \/>\n<meta property=\"og:locale\" content=\"fr_FR\" \/>\n<meta property=\"og:locale:alternate\" content=\"en_GB\" \/>\n<meta property=\"og:type\" content=\"article\" \/>\n<meta property=\"og:title\" content=\"Retraites Vacances de Yoga - Mai 2026\" \/>\n<meta property=\"og:description\" content=\"Nous sommes heureux d&#039;accueillir tous ceux qui souhaitent se d\u00e9connecter et se retrouver, au plus proche de la nature, au Chalet Edelweiss.\" \/>\n<meta property=\"og:url\" content=\"https:\/\/edelweissyogachalet.com\/fr\/produit\/22052025\/\" \/>\n<meta property=\"og:site_name\" content=\"Edelweiss Yoga Chalet\" \/>\n<meta property=\"article:publisher\" content=\"https:\/\/www.facebook.com\/Edelweissyogachalet\" \/>\n<meta property=\"article:modified_time\" content=\"2026-04-09T07:45:15+00:00\" \/>\n<meta property=\"og:image\" content=\"https:\/\/edelweissyogachalet.com\/wp-content\/uploads\/2024\/01\/4ab972cc-6f98-4015-9d49-b2abad24bce5.jpeg\" \/>\n\t<meta property=\"og:image:width\" content=\"1024\" \/>\n\t<meta property=\"og:image:height\" content=\"768\" \/>\n\t<meta property=\"og:image:type\" content=\"image\/jpeg\" \/>\n<meta name=\"twitter:card\" content=\"summary_large_image\" \/>\n<meta name=\"twitter:label1\" content=\"Dur\u00e9e de lecture estim\u00e9e\" \/>\n\t<meta name=\"twitter:data1\" content=\"7 minutes\" \/>\n<script type=\"application\/ld+json\" class=\"yoast-schema-graph\">{\"@context\":\"https:\\\/\\\/schema.org\",\"@graph\":[{\"@type\":\"WebPage\",\"@id\":\"https:\\\/\\\/edelweissyogachalet.com\\\/fr\\\/product\\\/22052025\\\/\",\"url\":\"https:\\\/\\\/edelweissyogachalet.com\\\/fr\\\/product\\\/22052025\\\/\",\"name\":\"Retraites Vacances de Yoga - Mai 2026\",\"isPartOf\":{\"@id\":\"https:\\\/\\\/edelweissyogachalet.com\\\/fr\\\/#website\"},\"primaryImageOfPage\":{\"@id\":\"https:\\\/\\\/edelweissyogachalet.com\\\/fr\\\/product\\\/22052025\\\/#primaryimage\"},\"image\":{\"@id\":\"https:\\\/\\\/edelweissyogachalet.com\\\/fr\\\/product\\\/22052025\\\/#primaryimage\"},\"thumbnailUrl\":\"https:\\\/\\\/edelweissyogachalet.com\\\/wp-content\\\/uploads\\\/2024\\\/01\\\/4ab972cc-6f98-4015-9d49-b2abad24bce5.jpeg\",\"datePublished\":\"2025-02-14T05:49:36+00:00\",\"dateModified\":\"2026-04-09T07:45:15+00:00\",\"description\":\"Nous sommes heureux d'accueillir tous ceux qui souhaitent se d\u00e9connecter et se retrouver, au plus proche de la nature, au Chalet Edelweiss.\",\"breadcrumb\":{\"@id\":\"https:\\\/\\\/edelweissyogachalet.com\\\/fr\\\/product\\\/22052025\\\/#breadcrumb\"},\"inLanguage\":\"fr-FR\",\"potentialAction\":[{\"@type\":\"ReadAction\",\"target\":[\"https:\\\/\\\/edelweissyogachalet.com\\\/fr\\\/product\\\/22052025\\\/\"]}]},{\"@type\":\"ImageObject\",\"inLanguage\":\"fr-FR\",\"@id\":\"https:\\\/\\\/edelweissyogachalet.com\\\/fr\\\/product\\\/22052025\\\/#primaryimage\",\"url\":\"https:\\\/\\\/edelweissyogachalet.com\\\/wp-content\\\/uploads\\\/2024\\\/01\\\/4ab972cc-6f98-4015-9d49-b2abad24bce5.jpeg\",\"contentUrl\":\"https:\\\/\\\/edelweissyogachalet.com\\\/wp-content\\\/uploads\\\/2024\\\/01\\\/4ab972cc-6f98-4015-9d49-b2abad24bce5.jpeg\",\"width\":1024,\"height\":768},{\"@type\":\"BreadcrumbList\",\"@id\":\"https:\\\/\\\/edelweissyogachalet.com\\\/fr\\\/product\\\/22052025\\\/#breadcrumb\",\"itemListElement\":[{\"@type\":\"ListItem\",\"position\":1,\"name\":\"Home\",\"item\":\"https:\\\/\\\/edelweissyogachalet.com\\\/\"},{\"@type\":\"ListItem\",\"position\":2,\"name\":\"Shop\",\"item\":\"https:\\\/\\\/edelweissyogachalet.com\\\/fr\\\/shop\\\/\"},{\"@type\":\"ListItem\",\"position\":3,\"name\":\"Retraites Vacances de Yoga &#8211; Mai 2026\"}]},{\"@type\":\"WebSite\",\"@id\":\"https:\\\/\\\/edelweissyogachalet.com\\\/fr\\\/#website\",\"url\":\"https:\\\/\\\/edelweissyogachalet.com\\\/fr\\\/\",\"name\":\"Edelweiss Yoga Chalet\",\"description\":\"Cours et S\u00e9jours de Yoga \u00e0 Chamonix\",\"potentialAction\":[{\"@type\":\"SearchAction\",\"target\":{\"@type\":\"EntryPoint\",\"urlTemplate\":\"https:\\\/\\\/edelweissyogachalet.com\\\/fr\\\/?s={search_term_string}\"},\"query-input\":{\"@type\":\"PropertyValueSpecification\",\"valueRequired\":true,\"valueName\":\"search_term_string\"}}],\"inLanguage\":\"fr-FR\"}]}<\/script>\n<!-- \/ Yoast SEO plugin. -->","yoast_head_json":{"title":"Retraites Vacances de Yoga - Mai 2026","description":"Nous sommes heureux d'accueillir tous ceux qui souhaitent se d\u00e9connecter et se retrouver, au plus proche de la nature, au Chalet Edelweiss.","robots":{"index":"index","follow":"follow","max-snippet":"max-snippet:-1","max-image-preview":"max-image-preview:large","max-video-preview":"max-video-preview:-1"},"canonical":"https:\/\/edelweissyogachalet.com\/fr\/product\/22052025\/","og_locale":"fr_FR","og_type":"article","og_title":"[:en]Yoga Holidays: May 2026 Offerings[:fr]Retraites Vacances de Yoga - Mai 2026[:] - Edelweiss Yoga Chalet","og_description":"[:en]Take a step back from your busy schedule to rest & reset. Relax, enjoy, and use this retreat to soak up the Magical vibes that this Valley has to offer.[:fr]Nous sommes heureux d'accueillir tous ceux qui souhaitent se d\u00e9connecter et se retrouver, au plus proche de la nature, au Chalet Edelweiss.[:]","og_url":"https:\/\/edelweissyogachalet.com\/fr\/produit\/22052025\/","og_site_name":"Edelweiss Yoga Chalet","article_publisher":"https:\/\/www.facebook.com\/Edelweissyogachalet","article_modified_time":"2026-04-09T07:45:15+00:00","og_image":[{"width":1024,"height":768,"url":"https:\/\/edelweissyogachalet.com\/wp-content\/uploads\/2024\/01\/4ab972cc-6f98-4015-9d49-b2abad24bce5.jpeg","type":"image\/jpeg"}],"twitter_card":"summary_large_image","twitter_misc":{"Dur\u00e9e de lecture estim\u00e9e":"7 minutes"},"schema":{"@context":"https:\/\/schema.org","@graph":[{"@type":"WebPage","@id":"https:\/\/edelweissyogachalet.com\/fr\/product\/22052025\/","url":"https:\/\/edelweissyogachalet.com\/fr\/product\/22052025\/","name":"Retraites Vacances de Yoga - Mai 2026","isPartOf":{"@id":"https:\/\/edelweissyogachalet.com\/fr\/#website"},"primaryImageOfPage":{"@id":"https:\/\/edelweissyogachalet.com\/fr\/product\/22052025\/#primaryimage"},"image":{"@id":"https:\/\/edelweissyogachalet.com\/fr\/product\/22052025\/#primaryimage"},"thumbnailUrl":"https:\/\/edelweissyogachalet.com\/wp-content\/uploads\/2024\/01\/4ab972cc-6f98-4015-9d49-b2abad24bce5.jpeg","datePublished":"2025-02-14T05:49:36+00:00","dateModified":"2026-04-09T07:45:15+00:00","description":"Nous sommes heureux d'accueillir tous ceux qui souhaitent se d\u00e9connecter et se retrouver, au plus proche de la nature, au Chalet Edelweiss.","breadcrumb":{"@id":"https:\/\/edelweissyogachalet.com\/fr\/product\/22052025\/#breadcrumb"},"inLanguage":"fr-FR","potentialAction":[{"@type":"ReadAction","target":["https:\/\/edelweissyogachalet.com\/fr\/product\/22052025\/"]}]},{"@type":"ImageObject","inLanguage":"fr-FR","@id":"https:\/\/edelweissyogachalet.com\/fr\/product\/22052025\/#primaryimage","url":"https:\/\/edelweissyogachalet.com\/wp-content\/uploads\/2024\/01\/4ab972cc-6f98-4015-9d49-b2abad24bce5.jpeg","contentUrl":"https:\/\/edelweissyogachalet.com\/wp-content\/uploads\/2024\/01\/4ab972cc-6f98-4015-9d49-b2abad24bce5.jpeg","width":1024,"height":768},{"@type":"BreadcrumbList","@id":"https:\/\/edelweissyogachalet.com\/fr\/product\/22052025\/#breadcrumb","itemListElement":[{"@type":"ListItem","position":1,"name":"Home","item":"https:\/\/edelweissyogachalet.com\/"},{"@type":"ListItem","position":2,"name":"Shop","item":"https:\/\/edelweissyogachalet.com\/fr\/shop\/"},{"@type":"ListItem","position":3,"name":"Retraites Vacances de Yoga &#8211; Mai 2026"}]},{"@type":"WebSite","@id":"https:\/\/edelweissyogachalet.com\/fr\/#website","url":"https:\/\/edelweissyogachalet.com\/fr\/","name":"Edelweiss Yoga Chalet","description":"Cours et S\u00e9jours de Yoga \u00e0 Chamonix","potentialAction":[{"@type":"SearchAction","target":{"@type":"EntryPoint","urlTemplate":"https:\/\/edelweissyogachalet.com\/fr\/?s={search_term_string}"},"query-input":{"@type":"PropertyValueSpecification","valueRequired":true,"valueName":"search_term_string"}}],"inLanguage":"fr-FR"}]}},"_links":{"self":[{"href":"https:\/\/edelweissyogachalet.com\/fr\/wp-json\/wp\/v2\/product\/4586","targetHints":{"allow":["GET"]}}],"collection":[{"href":"https:\/\/edelweissyogachalet.com\/fr\/wp-json\/wp\/v2\/product"}],"about":[{"href":"https:\/\/edelweissyogachalet.com\/fr\/wp-json\/wp\/v2\/types\/product"}],"wp:featuredmedia":[{"embeddable":true,"href":"https:\/\/edelweissyogachalet.com\/fr\/wp-json\/wp\/v2\/media\/4289"}],"wp:attachment":[{"href":"https:\/\/edelweissyogachalet.com\/fr\/wp-json\/wp\/v2\/media?parent=4586"}],"wp:term":[{"taxonomy":"product_brand","embeddable":true,"href":"https:\/\/edelweissyogachalet.com\/fr\/wp-json\/wp\/v2\/product_brand?post=4586"},{"taxonomy":"product_cat","embeddable":true,"href":"https:\/\/edelweissyogachalet.com\/fr\/wp-json\/wp\/v2\/product_cat?post=4586"},{"taxonomy":"product_tag","embeddable":true,"href":"https:\/\/edelweissyogachalet.com\/fr\/wp-json\/wp\/v2\/product_tag?post=4586"}],"curies":[{"name":"wp","href":"https:\/\/api.w.org\/{rel}","templated":true}]}}